{"id":3127,"date":"2021-01-19T21:51:26","date_gmt":"2021-01-19T21:51:26","guid":{"rendered":"https:\/\/www.buceoelbajon.com\/mutimedia\/el-bajon-avec-photographie-sous-marine\/"},"modified":"2022-05-23T16:06:44","modified_gmt":"2022-05-23T15:06:44","slug":"el-bajon-avec-photographie-sous-marine","status":"publish","type":"page","link":"https:\/\/www.buceoelbajon.com\/fr\/mutimedia\/el-bajon-avec-photographie-sous-marine\/","title":{"rendered":"El Baj\u00f3n avec photographie sous-marine"},"content":{"rendered":"<p>[et_pb_section fb_built=\u00a0\u00bb1&Prime; _builder_version=\u00a0\u00bb4.8.1&Prime; _module_preset=\u00a0\u00bbdefault\u00a0\u00bb background_image=\u00a0\u00bbhttps:\/\/www.buceoelbajon.com\/wp-content\/uploads\/2021\/01\/Night-water-sea-blue-moon_2560x1600.jpg\u00a0\u00bb parallax=\u00a0\u00bbon\u00a0\u00bb][et_pb_row _builder_version=\u00a0\u00bb4.9.1&Prime; _module_preset=\u00a0\u00bbdefault\u00a0\u00bb][et_pb_column type=\u00a0\u00bb4_4&Prime; _builder_version=\u00a0\u00bb4.9.1&Prime; _module_preset=\u00a0\u00bbdefault\u00a0\u00bb][et_pb_testimonial author=\u00a0\u00bbCarlos Minguell\u00a0\u00bb company_name=\u00a0\u00bbOCEAN PHOTOS\u00a0\u00bb portrait_url=\u00a0\u00bbhttps:\/\/www.buceoelbajon.com\/wp-content\/uploads\/2021\/01\/20120425-Helsingborg-Superficie-CM-430-pequena.jpg\u00a0\u00bb _builder_version=\u00a0\u00bb4.8.1&Prime; _module_preset=\u00a0\u00bbdefault\u00a0\u00bb box_shadow_style=\u00a0\u00bbpreset3&Prime;]<\/p>\n<p><span>Ya son varios a\u00f1os organizando talleres de fotosub con Buceo El Baj\u00f3n y mi experiencia ha sido siempre muy positiva: el centro tiene unas instalaciones, embarcaciones y material de primer nivel, adem\u00e1s de contar con un personal competente y amable. Los hermanos Landaeta coordinan todo con fluidez y con la cordialidad que distingue a aquellos que disfrutan cada de d\u00eda de su profesi\u00f3n. Lo mismo te organizan un buceo que una comida en un Guachinche.<\/span><\/p>\n<p>[\/et_pb_testimonial][et_pb_gallery gallery_ids=\u00a0\u00bb743,744,745&Prime; show_title_and_caption=\u00a0\u00bboff\u00a0\u00bb show_pagination=\u00a0\u00bboff\u00a0\u00bb _builder_version=\u00a0\u00bb4.8.1&Prime; _module_preset=\u00a0\u00bbdefault\u00a0\u00bb border_color_all=\u00a0\u00bb#FFFFFF\u00a0\u00bb border_radii_image=\u00a0\u00bbon|14px|14px|14px|14px\u00a0\u00bb border_width_all_image=\u00a0\u00bb2px\u00a0\u00bb border_color_all_image=\u00a0\u00bb#FFFFFF\u00a0\u00bb box_shadow_style_image=\u00a0\u00bbpreset3&Prime; child_filter_blur__hover_enabled=\u00a0\u00bbon|hover\u00a0\u00bb child_filter_blur__hover=\u00a0\u00bb3px\u00a0\u00bb child_filter_brightness__hover_enabled=\u00a0\u00bbon|hover\u00a0\u00bb child_filter_brightness__hover=\u00a0\u00bb148%\u00a0\u00bb][\/et_pb_gallery][et_pb_testimonial author=\u00a0\u00bbSacha Lobenstein\u00a0\u00bb company_name=\u00a0\u00bbENELMAR.ES\u00a0\u00bb portrait_url=\u00a0\u00bbhttps:\/\/www.buceoelbajon.com\/wp-content\/uploads\/2021\/01\/20160930-1524-Sacha-Lobenstein-enelmar.es-_.jpg\u00a0\u00bb _builder_version=\u00a0\u00bb4.9.1&Prime; _module_preset=\u00a0\u00bbdefault\u00a0\u00bb box_shadow_style=\u00a0\u00bbpreset3&Prime;]<\/p>\n<p><span>Buceo El Baj\u00f3n es el centro ideal donde poder organizar tus viajes de fotograf\u00eda submarina en El Hierro. Sus ampl\u00edsimas instalaciones repletas de comodidades, gran material y numerosos recursos har\u00e1n de tu estancia un gran recuerdo. Con salidas garantizadas todo el a\u00f1o no te faltar\u00e1 ocasi\u00f3n para captar esa imagen que ven\u00edas buscando, todo en un c\u00e1lido ambiente familiar repleto de cari\u00f1o y atenciones y risas&#8230;<\/span><\/p>\n<p>[\/et_pb_testimonial][et_pb_gallery gallery_ids=\u00a0\u00bb483,463,500,477&Prime; show_title_and_caption=\u00a0\u00bboff\u00a0\u00bb show_pagination=\u00a0\u00bboff\u00a0\u00bb _builder_version=\u00a0\u00bb4.8.1&Prime; _module_preset=\u00a0\u00bbdefault\u00a0\u00bb hover_enabled=\u00a0\u00bb0&Prime; border_color_all=\u00a0\u00bb#FFFFFF\u00a0\u00bb border_radii_image=\u00a0\u00bbon|14px|14px|14px|14px\u00a0\u00bb border_width_all_image=\u00a0\u00bb2px\u00a0\u00bb border_color_all_image=\u00a0\u00bb#FFFFFF\u00a0\u00bb box_shadow_style_image=\u00a0\u00bbpreset3&Prime; child_filter_blur__hover_enabled=\u00a0\u00bbon|hover\u00a0\u00bb child_filter_blur__hover=\u00a0\u00bb3px\u00a0\u00bb child_filter_brightness__hover_enabled=\u00a0\u00bbon|hover\u00a0\u00bb child_filter_brightness__hover=\u00a0\u00bb148%\u00a0\u00bb sticky_enabled=\u00a0\u00bb0&Prime;][\/et_pb_gallery][et_pb_testimonial author=\u00a0\u00bbYeray Delgado\u00a0\u00bb portrait_url=\u00a0\u00bbhttps:\/\/www.buceoelbajon.com\/wp-content\/uploads\/2021\/01\/Yeray-Delgado-Buceo-a-Fondo-perfil.jpg\u00a0\u00bb _builder_version=\u00a0\u00bb4.9.1&Prime; _module_preset=\u00a0\u00bbdefault\u00a0\u00bb hover_enabled=\u00a0\u00bb0&Prime; box_shadow_style=\u00a0\u00bbpreset3&Prime; sticky_enabled=\u00a0\u00bb0&Prime;]<\/p>\n<p>Tengo el placer de haberlos conocido desde su inicio. Una familia unida con grandes deseos y ganas de crecer en el mundo submarino, y as\u00ed ha sido, convirti\u00e9ndose en un referente del buceo en la isla del Hierro. <br \/>Un gran equipo de trabajo conforma el centro de buceo el Bajon, un centro donde se palpa el buen ambiente y el trato familiar. Siempre dispuestos a adaptarse a las necesidades del cliente, algo dif\u00edcil entre fot\u00f3grafos pero lo consiguen con \u00e9xito. <br \/>Adem\u00e1s su centro dispone de todas las comodidades que necesitamos desde los m\u00e1s noveles, a los m\u00e1s exigentes.<\/p>\n<p>[\/et_pb_testimonial][et_pb_gallery gallery_ids=\u00a0\u00bb1490,1493,1491,1492&Prime; _builder_version=\u00a0\u00bb4.9.2&Prime; _module_preset=\u00a0\u00bbdefault\u00a0\u00bb show_title_and_caption=\u00a0\u00bboff\u00a0\u00bb show_pagination=\u00a0\u00bboff\u00a0\u00bb border_color_all=\u00a0\u00bb#FFFFFF\u00a0\u00bb border_radii_image=\u00a0\u00bbon|14px|14px|14px|14px\u00a0\u00bb border_width_all_image=\u00a0\u00bb2px\u00a0\u00bb border_color_all_image=\u00a0\u00bb#FFFFFF\u00a0\u00bb box_shadow_style_image=\u00a0\u00bbpreset3&Prime; child_filter_brightness__hover=\u00a0\u00bb148%\u00a0\u00bb child_filter_brightness__hover_enabled=\u00a0\u00bbon|hover\u00a0\u00bb child_filter_blur__hover=\u00a0\u00bb3px\u00a0\u00bb child_filter_blur__hover_enabled=\u00a0\u00bbon|hover\u00a0\u00bb][\/et_pb_gallery][et_pb_testimonial author=\u00a0\u00bbRafa Fern\u00e1ndez\u00a0\u00bb company_name=\u00a0\u00bbrafafdez.com\u00a0\u00bb portrait_url=\u00a0\u00bbhttps:\/\/www.buceoelbajon.com\/wp-content\/uploads\/2021\/01\/RafaFernandez.jpg\u00a0\u00bb _builder_version=\u00a0\u00bb4.9.2&Prime; _module_preset=\u00a0\u00bbdefault\u00a0\u00bb box_shadow_style=\u00a0\u00bbpreset3&Prime;][\/et_pb_testimonial][et_pb_gallery gallery_ids=\u00a0\u00bb140,139,137,143&Prime; show_title_and_caption=\u00a0\u00bboff\u00a0\u00bb show_pagination=\u00a0\u00bboff\u00a0\u00bb _builder_version=\u00a0\u00bb4.8.1&Prime; _module_preset=\u00a0\u00bbdefault\u00a0\u00bb border_color_all=\u00a0\u00bb#FFFFFF\u00a0\u00bb border_radii_image=\u00a0\u00bbon|14px|14px|14px|14px\u00a0\u00bb border_width_all_image=\u00a0\u00bb2px\u00a0\u00bb border_color_all_image=\u00a0\u00bb#FFFFFF\u00a0\u00bb box_shadow_style_image=\u00a0\u00bbpreset3&Prime; child_filter_blur__hover_enabled=\u00a0\u00bbon|hover\u00a0\u00bb child_filter_blur__hover=\u00a0\u00bb3px\u00a0\u00bb child_filter_brightness__hover_enabled=\u00a0\u00bbon|hover\u00a0\u00bb child_filter_brightness__hover=\u00a0\u00bb148%\u00a0\u00bb][\/et_pb_gallery][\/et_pb_column][\/et_pb_row][\/et_pb_section]<\/p>\n","protected":false},"excerpt":{"rendered":"<p>Ya son varios a\u00f1os organizando talleres de fotosub con Buceo El Baj\u00f3n y mi experiencia ha sido siempre muy positiva: el centro tiene unas instalaciones, embarcaciones y material de primer nivel, adem\u00e1s de contar con un personal competente y amable. Los hermanos Landaeta coordinan todo con fluidez y con la cordialidad que distingue a aquellos [&hellip;]<\/p>\n","protected":false},"author":1,"featured_media":2697,"parent":3096,"menu_order":51,"comment_status":"closed","ping_status":"closed","template":"","meta":{"_et_pb_use_builder":"on","_et_pb_old_content":"","_et_gb_content_width":"","footnotes":""},"class_list":["post-3127","page","type-page","status-publish","has-post-thumbnail","hentry"],"yoast_head":"<!-- This site is optimized with the Yoast SEO plugin v24.7 - https:\/\/yoast.com\/wordpress\/plugins\/seo\/ -->\n<title>El Baj\u00f3n avec photographie sous-marine - Centro de Buceo El Baj\u00f3n, El Hierro<\/title>\n<meta name=\"robots\" content=\"index, follow, max-snippet:-1, max-image-preview:large, max-video-preview:-1\" \/>\n<link rel=\"canonical\" href=\"https:\/\/www.buceoelbajon.com\/fr\/mutimedia\/el-bajon-avec-photographie-sous-marine\/\" \/>\n<meta property=\"og:locale\" content=\"fr_FR\" \/>\n<meta property=\"og:type\" content=\"article\" \/>\n<meta property=\"og:title\" content=\"El Baj\u00f3n avec photographie sous-marine - Centro de Buceo El Baj\u00f3n, El Hierro\" \/>\n<meta property=\"og:description\" content=\"Ya son varios a\u00f1os organizando talleres de fotosub con Buceo El Baj\u00f3n y mi experiencia ha sido siempre muy positiva: el centro tiene unas instalaciones, embarcaciones y material de primer nivel, adem\u00e1s de contar con un personal competente y amable. Los hermanos Landaeta coordinan todo con fluidez y con la cordialidad que distingue a aquellos [&hellip;]\" \/>\n<meta property=\"og:url\" content=\"https:\/\/www.buceoelbajon.com\/fr\/mutimedia\/el-bajon-avec-photographie-sous-marine\/\" \/>\n<meta property=\"og:site_name\" content=\"Centro de Buceo El Baj\u00f3n, El Hierro\" \/>\n<meta property=\"article:modified_time\" content=\"2022-05-23T15:06:44+00:00\" \/>\n<meta property=\"og:image\" content=\"https:\/\/www.buceoelbajon.com\/wp-content\/uploads\/2021\/03\/20180818-1259-SachaLobenstein-El-Desierto.jpg\" \/>\n\t<meta property=\"og:image:width\" content=\"2048\" \/>\n\t<meta property=\"og:image:height\" content=\"1365\" \/>\n\t<meta property=\"og:image:type\" content=\"image\/jpeg\" \/>\n<meta name=\"twitter:card\" content=\"summary_large_image\" \/>\n<meta name=\"twitter:label1\" content=\"Dur\u00e9e de lecture estim\u00e9e\" \/>\n\t<meta name=\"twitter:data1\" content=\"4 minutes\" \/>\n<script type=\"application\/ld+json\" class=\"yoast-schema-graph\">{\"@context\":\"https:\/\/schema.org\",\"@graph\":[{\"@type\":\"WebPage\",\"@id\":\"https:\/\/www.buceoelbajon.com\/fr\/mutimedia\/el-bajon-avec-photographie-sous-marine\/\",\"url\":\"https:\/\/www.buceoelbajon.com\/fr\/mutimedia\/el-bajon-avec-photographie-sous-marine\/\",\"name\":\"El Baj\u00f3n avec photographie sous-marine - Centro de Buceo El Baj\u00f3n, El Hierro\",\"isPartOf\":{\"@id\":\"https:\/\/www.buceoelbajon.com\/#website\"},\"primaryImageOfPage\":{\"@id\":\"https:\/\/www.buceoelbajon.com\/fr\/mutimedia\/el-bajon-avec-photographie-sous-marine\/#primaryimage\"},\"image\":{\"@id\":\"https:\/\/www.buceoelbajon.com\/fr\/mutimedia\/el-bajon-avec-photographie-sous-marine\/#primaryimage\"},\"thumbnailUrl\":\"https:\/\/www.buceoelbajon.com\/wp-content\/uploads\/2021\/03\/20180818-1259-SachaLobenstein-El-Desierto.jpg\",\"datePublished\":\"2021-01-19T21:51:26+00:00\",\"dateModified\":\"2022-05-23T15:06:44+00:00\",\"breadcrumb\":{\"@id\":\"https:\/\/www.buceoelbajon.com\/fr\/mutimedia\/el-bajon-avec-photographie-sous-marine\/#breadcrumb\"},\"inLanguage\":\"fr-FR\",\"potentialAction\":[{\"@type\":\"ReadAction\",\"target\":[\"https:\/\/www.buceoelbajon.com\/fr\/mutimedia\/el-bajon-avec-photographie-sous-marine\/\"]}]},{\"@type\":\"ImageObject\",\"inLanguage\":\"fr-FR\",\"@id\":\"https:\/\/www.buceoelbajon.com\/fr\/mutimedia\/el-bajon-avec-photographie-sous-marine\/#primaryimage\",\"url\":\"https:\/\/www.buceoelbajon.com\/wp-content\/uploads\/2021\/03\/20180818-1259-SachaLobenstein-El-Desierto.jpg\",\"contentUrl\":\"https:\/\/www.buceoelbajon.com\/wp-content\/uploads\/2021\/03\/20180818-1259-SachaLobenstein-El-Desierto.jpg\",\"width\":2048,\"height\":1365},{\"@type\":\"BreadcrumbList\",\"@id\":\"https:\/\/www.buceoelbajon.com\/fr\/mutimedia\/el-bajon-avec-photographie-sous-marine\/#breadcrumb\",\"itemListElement\":[{\"@type\":\"ListItem\",\"position\":1,\"name\":\"Portada\",\"item\":\"https:\/\/www.buceoelbajon.com\/fr\/\"},{\"@type\":\"ListItem\",\"position\":2,\"name\":\"Mutimedia\",\"item\":\"https:\/\/www.buceoelbajon.com\/fr\/mutimedia\/\"},{\"@type\":\"ListItem\",\"position\":3,\"name\":\"El Baj\u00f3n avec photographie sous-marine\"}]},{\"@type\":\"WebSite\",\"@id\":\"https:\/\/www.buceoelbajon.com\/#website\",\"url\":\"https:\/\/www.buceoelbajon.com\/\",\"name\":\"Centro de Buceo El Baj\u00f3n, El Hierro\",\"description\":\"Un concepto diferente de buceo en El Hierro\",\"potentialAction\":[{\"@type\":\"SearchAction\",\"target\":{\"@type\":\"EntryPoint\",\"urlTemplate\":\"https:\/\/www.buceoelbajon.com\/?s={search_term_string}\"},\"query-input\":{\"@type\":\"PropertyValueSpecification\",\"valueRequired\":true,\"valueName\":\"search_term_string\"}}],\"inLanguage\":\"fr-FR\"}]}<\/script>\n<!-- \/ Yoast SEO plugin. -->","yoast_head_json":{"title":"El Baj\u00f3n avec photographie sous-marine - Centro de Buceo El Baj\u00f3n, El Hierro","robots":{"index":"index","follow":"follow","max-snippet":"max-snippet:-1","max-image-preview":"max-image-preview:large","max-video-preview":"max-video-preview:-1"},"canonical":"https:\/\/www.buceoelbajon.com\/fr\/mutimedia\/el-bajon-avec-photographie-sous-marine\/","og_locale":"fr_FR","og_type":"article","og_title":"El Baj\u00f3n avec photographie sous-marine - Centro de Buceo El Baj\u00f3n, El Hierro","og_description":"Ya son varios a\u00f1os organizando talleres de fotosub con Buceo El Baj\u00f3n y mi experiencia ha sido siempre muy positiva: el centro tiene unas instalaciones, embarcaciones y material de primer nivel, adem\u00e1s de contar con un personal competente y amable. Los hermanos Landaeta coordinan todo con fluidez y con la cordialidad que distingue a aquellos [&hellip;]","og_url":"https:\/\/www.buceoelbajon.com\/fr\/mutimedia\/el-bajon-avec-photographie-sous-marine\/","og_site_name":"Centro de Buceo El Baj\u00f3n, El Hierro","article_modified_time":"2022-05-23T15:06:44+00:00","og_image":[{"width":2048,"height":1365,"url":"https:\/\/www.buceoelbajon.com\/wp-content\/uploads\/2021\/03\/20180818-1259-SachaLobenstein-El-Desierto.jpg","type":"image\/jpeg"}],"twitter_card":"summary_large_image","twitter_misc":{"Dur\u00e9e de lecture estim\u00e9e":"4 minutes"},"schema":{"@context":"https:\/\/schema.org","@graph":[{"@type":"WebPage","@id":"https:\/\/www.buceoelbajon.com\/fr\/mutimedia\/el-bajon-avec-photographie-sous-marine\/","url":"https:\/\/www.buceoelbajon.com\/fr\/mutimedia\/el-bajon-avec-photographie-sous-marine\/","name":"El Baj\u00f3n avec photographie sous-marine - Centro de Buceo El Baj\u00f3n, El Hierro","isPartOf":{"@id":"https:\/\/www.buceoelbajon.com\/#website"},"primaryImageOfPage":{"@id":"https:\/\/www.buceoelbajon.com\/fr\/mutimedia\/el-bajon-avec-photographie-sous-marine\/#primaryimage"},"image":{"@id":"https:\/\/www.buceoelbajon.com\/fr\/mutimedia\/el-bajon-avec-photographie-sous-marine\/#primaryimage"},"thumbnailUrl":"https:\/\/www.buceoelbajon.com\/wp-content\/uploads\/2021\/03\/20180818-1259-SachaLobenstein-El-Desierto.jpg","datePublished":"2021-01-19T21:51:26+00:00","dateModified":"2022-05-23T15:06:44+00:00","breadcrumb":{"@id":"https:\/\/www.buceoelbajon.com\/fr\/mutimedia\/el-bajon-avec-photographie-sous-marine\/#breadcrumb"},"inLanguage":"fr-FR","potentialAction":[{"@type":"ReadAction","target":["https:\/\/www.buceoelbajon.com\/fr\/mutimedia\/el-bajon-avec-photographie-sous-marine\/"]}]},{"@type":"ImageObject","inLanguage":"fr-FR","@id":"https:\/\/www.buceoelbajon.com\/fr\/mutimedia\/el-bajon-avec-photographie-sous-marine\/#primaryimage","url":"https:\/\/www.buceoelbajon.com\/wp-content\/uploads\/2021\/03\/20180818-1259-SachaLobenstein-El-Desierto.jpg","contentUrl":"https:\/\/www.buceoelbajon.com\/wp-content\/uploads\/2021\/03\/20180818-1259-SachaLobenstein-El-Desierto.jpg","width":2048,"height":1365},{"@type":"BreadcrumbList","@id":"https:\/\/www.buceoelbajon.com\/fr\/mutimedia\/el-bajon-avec-photographie-sous-marine\/#breadcrumb","itemListElement":[{"@type":"ListItem","position":1,"name":"Portada","item":"https:\/\/www.buceoelbajon.com\/fr\/"},{"@type":"ListItem","position":2,"name":"Mutimedia","item":"https:\/\/www.buceoelbajon.com\/fr\/mutimedia\/"},{"@type":"ListItem","position":3,"name":"El Baj\u00f3n avec photographie sous-marine"}]},{"@type":"WebSite","@id":"https:\/\/www.buceoelbajon.com\/#website","url":"https:\/\/www.buceoelbajon.com\/","name":"Centro de Buceo El Baj\u00f3n, El Hierro","description":"Un concepto diferente de buceo en El Hierro","potentialAction":[{"@type":"SearchAction","target":{"@type":"EntryPoint","urlTemplate":"https:\/\/www.buceoelbajon.com\/?s={search_term_string}"},"query-input":{"@type":"PropertyValueSpecification","valueRequired":true,"valueName":"search_term_string"}}],"inLanguage":"fr-FR"}]}},"_links":{"self":[{"href":"https:\/\/www.buceoelbajon.com\/fr\/wp-json\/wp\/v2\/pages\/3127","targetHints":{"allow":["GET"]}}],"collection":[{"href":"https:\/\/www.buceoelbajon.com\/fr\/wp-json\/wp\/v2\/pages"}],"about":[{"href":"https:\/\/www.buceoelbajon.com\/fr\/wp-json\/wp\/v2\/types\/page"}],"author":[{"embeddable":true,"href":"https:\/\/www.buceoelbajon.com\/fr\/wp-json\/wp\/v2\/users\/1"}],"replies":[{"embeddable":true,"href":"https:\/\/www.buceoelbajon.com\/fr\/wp-json\/wp\/v2\/comments?post=3127"}],"version-history":[{"count":2,"href":"https:\/\/www.buceoelbajon.com\/fr\/wp-json\/wp\/v2\/pages\/3127\/revisions"}],"predecessor-version":[{"id":3129,"href":"https:\/\/www.buceoelbajon.com\/fr\/wp-json\/wp\/v2\/pages\/3127\/revisions\/3129"}],"up":[{"embeddable":true,"href":"https:\/\/www.buceoelbajon.com\/fr\/wp-json\/wp\/v2\/pages\/3096"}],"wp:featuredmedia":[{"embeddable":true,"href":"https:\/\/www.buceoelbajon.com\/fr\/wp-json\/wp\/v2\/media\/2697"}],"wp:attachment":[{"href":"https:\/\/www.buceoelbajon.com\/fr\/wp-json\/wp\/v2\/media?parent=3127"}],"curies":[{"name":"wp","href":"https:\/\/api.w.org\/{rel}","templated":true}]}}